{"id":7,"date":"2014-10-28T08:57:23","date_gmt":"2014-10-28T08:57:23","guid":{"rendered":"http:\/\/localhost:8888\/luxuryvilla\/?page_id=7"},"modified":"2026-03-12T11:00:11","modified_gmt":"2026-03-12T15:00:11","slug":"book-now","status":"publish","type":"page","link":"http:\/\/apparthotelsherbrooke.com\/fr\/book-now\/","title":{"rendered":"Demande de r\u00e9servation"},"content":{"rendered":"<p>[vc_row][vc_column][vc_column_text]<\/p>\n<div class=\"TopText\">\n<h5 style=\"text-align: center;\">Suite \u00e0 la r\u00e9ception de votre demande de r\u00e9servation, nous vous contacterons dans les plus brefs d\u00e9lais afin de confirmer la disponibilit\u00e9 et le prix de la location d\u00e9sir\u00e9e. Nous vous sugg\u00e9rons de prendre connaissance de <a href=\"http:\/\/apparthotelsherbrooke.com\/fr\/reglements-et-politiques-de-location\/\" target=\"_blank\" rel=\"noopener\">nos r\u00e8glements et politiques de location.<\/a><\/h5>\n<h5 style=\"text-align: center;\">Si vous avez des restrictions sur le moment ou la m\u00e9thode pour vous contacter, veuillez nous en faire part dans la zone \u00ab\u00a0D\u00e9tails additionnels\u00a0\u00bb ci-bas.<\/h5>\n<\/div>\n<p>[\/vc_column_text][\/vc_column][\/vc_row]<\/p>\n","protected":false},"excerpt":{"rendered":"<p>[vc_row][vc_column][vc_column_text] Suite \u00e0 la r\u00e9ception de votre demande de r\u00e9servation, nous vous contacterons dans les plus brefs d\u00e9lais afin de confirmer la disponibilit\u00e9 et le prix de la location d\u00e9sir\u00e9e. Nous vous sugg\u00e9rons de prendre connaissance de nos r\u00e8glements et politiques de location. Si vous avez des restrictions sur le moment ou la m\u00e9thode pour<br class=\"read-more-spacer\"> <a class=\"more-link\" href=\"http:\/\/apparthotelsherbrooke.com\/fr\/book-now\/\"><i class=\"entypo entypo-right-open\"><\/i>En savoir plus<\/a><\/p>\n","protected":false},"author":1,"featured_media":0,"parent":0,"menu_order":0,"comment_status":"open","ping_status":"open","template":"theme-templates\/booking.php","meta":{"footnotes":""},"class_list":["post-7","page","type-page","status-publish","hentry"],"yoast_head":"<!-- This site is optimized with the Yoast SEO plugin v24.9 - https:\/\/yoast.com\/wordpress\/plugins\/seo\/ -->\n<title>Demande de r\u00e9servation &#8226; Appart H\u00f4tel Urbain Sherbrooke<\/title>\n<meta name=\"description\" content=\"R\u00e9servez votre appartement (appart-h\u00f4tel) enti\u00e8rement meubl\u00e9 dans le centre de Sherbrooke pour une courte ou moyenne dur\u00e9e d\u00e8s maintenant!\" \/>\n<meta name=\"robots\" content=\"index, follow, max-snippet:-1, max-image-preview:large, max-video-preview:-1\" \/>\n<link rel=\"canonical\" href=\"https:\/\/apparthotelsherbrooke.com\/fr\/book-now\/\" \/>\n<meta property=\"og:locale\" content=\"fr_FR\" \/>\n<meta property=\"og:type\" content=\"article\" \/>\n<meta property=\"og:title\" content=\"Demande de r\u00e9servation &#8226; Appart H\u00f4tel Urbain Sherbrooke\" \/>\n<meta property=\"og:description\" content=\"R\u00e9servez votre appartement (appart-h\u00f4tel) enti\u00e8rement meubl\u00e9 dans le centre de Sherbrooke pour une courte ou moyenne dur\u00e9e d\u00e8s maintenant!\" \/>\n<meta property=\"og:url\" content=\"https:\/\/apparthotelsherbrooke.com\/fr\/book-now\/\" \/>\n<meta property=\"og:site_name\" content=\"Appart H\u00f4tel Urbain Sherbrooke\" \/>\n<meta property=\"article:modified_time\" content=\"2026-03-12T15:00:11+00:00\" \/>\n<meta name=\"twitter:card\" content=\"summary_large_image\" \/>\n<script type=\"application\/ld+json\" class=\"yoast-schema-graph\">{\"@context\":\"https:\/\/schema.org\",\"@graph\":[{\"@type\":\"WebPage\",\"@id\":\"https:\/\/apparthotelsherbrooke.com\/fr\/book-now\/\",\"url\":\"https:\/\/apparthotelsherbrooke.com\/fr\/book-now\/\",\"name\":\"Demande de r\u00e9servation &#8226; Appart H\u00f4tel Urbain Sherbrooke\",\"isPartOf\":{\"@id\":\"https:\/\/apparthotelsherbrooke.com\/fr\/#website\"},\"datePublished\":\"2014-10-28T08:57:23+00:00\",\"dateModified\":\"2026-03-12T15:00:11+00:00\",\"description\":\"R\u00e9servez votre appartement (appart-h\u00f4tel) enti\u00e8rement meubl\u00e9 dans le centre de Sherbrooke pour une courte ou moyenne dur\u00e9e d\u00e8s maintenant!\",\"breadcrumb\":{\"@id\":\"https:\/\/apparthotelsherbrooke.com\/fr\/book-now\/#breadcrumb\"},\"inLanguage\":\"fr-FR\",\"potentialAction\":[{\"@type\":\"ReadAction\",\"target\":[\"https:\/\/apparthotelsherbrooke.com\/fr\/book-now\/\"]}]},{\"@type\":\"BreadcrumbList\",\"@id\":\"https:\/\/apparthotelsherbrooke.com\/fr\/book-now\/#breadcrumb\",\"itemListElement\":[{\"@type\":\"ListItem\",\"position\":1,\"name\":\"Accueil\",\"item\":\"https:\/\/apparthotelsherbrooke.com\/fr\/\"},{\"@type\":\"ListItem\",\"position\":2,\"name\":\"Demande de r\u00e9servation\"}]},{\"@type\":\"WebSite\",\"@id\":\"https:\/\/apparthotelsherbrooke.com\/fr\/#website\",\"url\":\"https:\/\/apparthotelsherbrooke.com\/fr\/\",\"name\":\"Appart H\u00f4tel Urbain Sherbrooke\",\"description\":\"La meilleure alternative \u00e0 un chambre d&#039;h\u00f4tel\",\"publisher\":{\"@id\":\"https:\/\/apparthotelsherbrooke.com\/fr\/#organization\"},\"potentialAction\":[{\"@type\":\"SearchAction\",\"target\":{\"@type\":\"EntryPoint\",\"urlTemplate\":\"https:\/\/apparthotelsherbrooke.com\/fr\/?s={search_term_string}\"},\"query-input\":{\"@type\":\"PropertyValueSpecification\",\"valueRequired\":true,\"valueName\":\"search_term_string\"}}],\"inLanguage\":\"fr-FR\"},{\"@type\":\"Organization\",\"@id\":\"https:\/\/apparthotelsherbrooke.com\/fr\/#organization\",\"name\":\"Appart H\u00f4tel Urbain\",\"url\":\"https:\/\/apparthotelsherbrooke.com\/fr\/\",\"logo\":{\"@type\":\"ImageObject\",\"inLanguage\":\"fr-FR\",\"@id\":\"https:\/\/apparthotelsherbrooke.com\/fr\/#\/schema\/logo\/image\/\",\"url\":\"https:\/\/apparthotelsherbrooke.com\/fr\/wp-content\/uploads\/2016\/10\/AppartHotelUrbain_Logo.png\",\"contentUrl\":\"https:\/\/apparthotelsherbrooke.com\/fr\/wp-content\/uploads\/2016\/10\/AppartHotelUrbain_Logo.png\",\"width\":600,\"height\":200,\"caption\":\"Appart H\u00f4tel Urbain\"},\"image\":{\"@id\":\"https:\/\/apparthotelsherbrooke.com\/fr\/#\/schema\/logo\/image\/\"}}]}<\/script>\n<!-- \/ Yoast SEO plugin. -->","yoast_head_json":{"title":"Demande de r\u00e9servation &#8226; Appart H\u00f4tel Urbain Sherbrooke","description":"R\u00e9servez votre appartement (appart-h\u00f4tel) enti\u00e8rement meubl\u00e9 dans le centre de Sherbrooke pour une courte ou moyenne dur\u00e9e d\u00e8s maintenant!","robots":{"index":"index","follow":"follow","max-snippet":"max-snippet:-1","max-image-preview":"max-image-preview:large","max-video-preview":"max-video-preview:-1"},"canonical":"https:\/\/apparthotelsherbrooke.com\/fr\/book-now\/","og_locale":"fr_FR","og_type":"article","og_title":"Demande de r\u00e9servation &#8226; Appart H\u00f4tel Urbain Sherbrooke","og_description":"R\u00e9servez votre appartement (appart-h\u00f4tel) enti\u00e8rement meubl\u00e9 dans le centre de Sherbrooke pour une courte ou moyenne dur\u00e9e d\u00e8s maintenant!","og_url":"https:\/\/apparthotelsherbrooke.com\/fr\/book-now\/","og_site_name":"Appart H\u00f4tel Urbain Sherbrooke","article_modified_time":"2026-03-12T15:00:11+00:00","twitter_card":"summary_large_image","schema":{"@context":"https:\/\/schema.org","@graph":[{"@type":"WebPage","@id":"https:\/\/apparthotelsherbrooke.com\/fr\/book-now\/","url":"https:\/\/apparthotelsherbrooke.com\/fr\/book-now\/","name":"Demande de r\u00e9servation &#8226; Appart H\u00f4tel Urbain Sherbrooke","isPartOf":{"@id":"https:\/\/apparthotelsherbrooke.com\/fr\/#website"},"datePublished":"2014-10-28T08:57:23+00:00","dateModified":"2026-03-12T15:00:11+00:00","description":"R\u00e9servez votre appartement (appart-h\u00f4tel) enti\u00e8rement meubl\u00e9 dans le centre de Sherbrooke pour une courte ou moyenne dur\u00e9e d\u00e8s maintenant!","breadcrumb":{"@id":"https:\/\/apparthotelsherbrooke.com\/fr\/book-now\/#breadcrumb"},"inLanguage":"fr-FR","potentialAction":[{"@type":"ReadAction","target":["https:\/\/apparthotelsherbrooke.com\/fr\/book-now\/"]}]},{"@type":"BreadcrumbList","@id":"https:\/\/apparthotelsherbrooke.com\/fr\/book-now\/#breadcrumb","itemListElement":[{"@type":"ListItem","position":1,"name":"Accueil","item":"https:\/\/apparthotelsherbrooke.com\/fr\/"},{"@type":"ListItem","position":2,"name":"Demande de r\u00e9servation"}]},{"@type":"WebSite","@id":"https:\/\/apparthotelsherbrooke.com\/fr\/#website","url":"https:\/\/apparthotelsherbrooke.com\/fr\/","name":"Appart H\u00f4tel Urbain Sherbrooke","description":"La meilleure alternative \u00e0 un chambre d&#039;h\u00f4tel","publisher":{"@id":"https:\/\/apparthotelsherbrooke.com\/fr\/#organization"},"potentialAction":[{"@type":"SearchAction","target":{"@type":"EntryPoint","urlTemplate":"https:\/\/apparthotelsherbrooke.com\/fr\/?s={search_term_string}"},"query-input":{"@type":"PropertyValueSpecification","valueRequired":true,"valueName":"search_term_string"}}],"inLanguage":"fr-FR"},{"@type":"Organization","@id":"https:\/\/apparthotelsherbrooke.com\/fr\/#organization","name":"Appart H\u00f4tel Urbain","url":"https:\/\/apparthotelsherbrooke.com\/fr\/","logo":{"@type":"ImageObject","inLanguage":"fr-FR","@id":"https:\/\/apparthotelsherbrooke.com\/fr\/#\/schema\/logo\/image\/","url":"https:\/\/apparthotelsherbrooke.com\/fr\/wp-content\/uploads\/2016\/10\/AppartHotelUrbain_Logo.png","contentUrl":"https:\/\/apparthotelsherbrooke.com\/fr\/wp-content\/uploads\/2016\/10\/AppartHotelUrbain_Logo.png","width":600,"height":200,"caption":"Appart H\u00f4tel Urbain"},"image":{"@id":"https:\/\/apparthotelsherbrooke.com\/fr\/#\/schema\/logo\/image\/"}}]}},"_links":{"self":[{"href":"http:\/\/apparthotelsherbrooke.com\/fr\/wp-json\/wp\/v2\/pages\/7"}],"collection":[{"href":"http:\/\/apparthotelsherbrooke.com\/fr\/wp-json\/wp\/v2\/pages"}],"about":[{"href":"http:\/\/apparthotelsherbrooke.com\/fr\/wp-json\/wp\/v2\/types\/page"}],"author":[{"embeddable":true,"href":"http:\/\/apparthotelsherbrooke.com\/fr\/wp-json\/wp\/v2\/users\/1"}],"replies":[{"embeddable":true,"href":"http:\/\/apparthotelsherbrooke.com\/fr\/wp-json\/wp\/v2\/comments?post=7"}],"version-history":[{"count":16,"href":"http:\/\/apparthotelsherbrooke.com\/fr\/wp-json\/wp\/v2\/pages\/7\/revisions"}],"predecessor-version":[{"id":1386,"href":"http:\/\/apparthotelsherbrooke.com\/fr\/wp-json\/wp\/v2\/pages\/7\/revisions\/1386"}],"wp:attachment":[{"href":"http:\/\/apparthotelsherbrooke.com\/fr\/wp-json\/wp\/v2\/media?parent=7"}],"curies":[{"name":"wp","href":"https:\/\/api.w.org\/{rel}","templated":true}]}}