{"version":"1.0","provider_name":"Appart H\u00f4tel Urbain Sherbrooke","provider_url":"http:\/\/apparthotelsherbrooke.com\/fr","author_name":"admin_acc","author_url":"http:\/\/apparthotelsherbrooke.com\/fr\/author\/admin_acc\/","title":"R\u00e8glements et Politiques de location &#8226; Appart H\u00f4tel Urbain Sherbrooke","type":"rich","width":600,"height":338,"html":"<blockquote class=\"wp-embedded-content\" data-secret=\"7RvNCdSRLW\"><a href=\"http:\/\/apparthotelsherbrooke.com\/fr\/reglements-et-politiques-de-location\/\">R\u00e8glements et Politiques de location<\/a><\/blockquote><iframe sandbox=\"allow-scripts\" security=\"restricted\" src=\"http:\/\/apparthotelsherbrooke.com\/fr\/reglements-et-politiques-de-location\/embed\/#?secret=7RvNCdSRLW\" width=\"600\" height=\"338\" title=\"\u00ab\u00a0R\u00e8glements et Politiques de location\u00a0\u00bb &#8212; Appart H\u00f4tel Urbain Sherbrooke\" data-secret=\"7RvNCdSRLW\" frameborder=\"0\" marginwidth=\"0\" marginheight=\"0\" scrolling=\"no\" class=\"wp-embedded-content\"><\/iframe><script type=\"text\/javascript\">\n\/* <![CDATA[ *\/\n\/*! This file is auto-generated *\/\n!function(d,l){\"use strict\";l.querySelector&&d.addEventListener&&\"undefined\"!=typeof URL&&(d.wp=d.wp||{},d.wp.receiveEmbedMessage||(d.wp.receiveEmbedMessage=function(e){var t=e.data;if((t||t.secret||t.message||t.value)&&!\/[^a-zA-Z0-9]\/.test(t.secret)){for(var s,r,n,a=l.querySelectorAll('iframe[data-secret=\"'+t.secret+'\"]'),o=l.querySelectorAll('blockquote[data-secret=\"'+t.secret+'\"]'),c=new RegExp(\"^https?:$\",\"i\"),i=0;i<o.length;i++)o[i].style.display=\"none\";for(i=0;i<a.length;i++)s=a[i],e.source===s.contentWindow&&(s.removeAttribute(\"style\"),\"height\"===t.message?(1e3<(r=parseInt(t.value,10))?r=1e3:~~r<200&&(r=200),s.height=r):\"link\"===t.message&&(r=new URL(s.getAttribute(\"src\")),n=new URL(t.value),c.test(n.protocol))&&n.host===r.host&&l.activeElement===s&&(d.top.location.href=t.value))}},d.addEventListener(\"message\",d.wp.receiveEmbedMessage,!1),l.addEventListener(\"DOMContentLoaded\",function(){for(var e,t,s=l.querySelectorAll(\"iframe.wp-embedded-content\"),r=0;r<s.length;r++)(t=(e=s[r]).getAttribute(\"data-secret\"))||(t=Math.random().toString(36).substring(2,12),e.src+=\"#?secret=\"+t,e.setAttribute(\"data-secret\",t)),e.contentWindow.postMessage({message:\"ready\",secret:t},\"*\")},!1)))}(window,document);\n\/* ]]> *\/\n<\/script>\n","description":"Nos politiques de location ont \u00e9t\u00e9 mises en place afin de rendre le s\u00e9jour de chacun plus agr\u00e9able. &nbsp; Chaque unit\u00e9 peut accommoder un nombre maximal de personnes. Le nombre est calcul\u00e9 comme suit: deux (2) personnes pour un lit queen, double ou divan-lit et une personne par lit simple. Ces nombres sont impos\u00e9s par En savoir plus"}